{"id":1955,"date":"2017-11-06T14:47:45","date_gmt":"2017-11-06T13:47:45","guid":{"rendered":"https:\/\/www.systemischescoaching-berlin.de\/ihr-coach\/"},"modified":"2024-08-30T12:45:32","modified_gmt":"2024-08-30T10:45:32","slug":"your-coach","status":"publish","type":"page","link":"https:\/\/www.systemischescoaching-berlin.de\/en\/your-coach\/","title":{"rendered":"Your Coach"},"content":{"rendered":"<section class=\"l-section wpb_row header--page height_huge with_img\" id=\"header--page\"><div class=\"l-section-img\" role=\"img\" aria-label=\"Image\" data-img-width=\"1872\" data-img-height=\"468\" style=\"background-image: url(https:\/\/www.systemischescoaching-berlin.de\/wp-content\/uploads\/2017\/11\/GH_coach_header1.jpg);background-position: top center;\"><\/div><div class=\"l-section-h i-cf\"><div class=\"g-cols vc_row via_flex valign_top type_default stacking_default\"><div class=\"vc_col-sm-12 wpb_column vc_column_container\"><div class=\"vc_column-inner\"><div class=\"wpb_wrapper\"><\/div><\/div><\/div><\/div><\/div><\/section><section class=\"l-section wpb_row height_medium\"><div class=\"l-section-h i-cf\"><div class=\"g-cols vc_row via_flex valign_top type_default stacking_default\"><div class=\"vc_col-sm-12 wpb_column vc_column_container\"><div class=\"vc_column-inner\"><div class=\"wpb_wrapper\"><div class=\"wpb_text_column\"><div class=\"wpb_wrapper\"><h1 style=\"text-align: center;\">Your Coach<\/h1>\n<\/div><\/div><div class=\"w-separator size_medium\"><\/div><div class=\"wpb_text_column p-10\"><div class=\"wpb_wrapper\"><p class=\"lead\" style=\"text-align: center;\">Based on my many years of experience in executive recruiting, business coaching and Aptitude Diagnostics, I offer companies as well as specialists and executives professional advice on all aspects of human resources and career development.<\/p>\n<\/div><\/div><div class=\"w-separator size_medium\"><\/div><\/div><\/div><\/div><div class=\"vc_col-sm-6 wpb_column vc_column_container\"><div class=\"vc_column-inner\"><div class=\"wpb_wrapper\"><div class=\"wpb_text_column\"><div class=\"wpb_wrapper\"><p>I not only impart theoretical knowledge, but also use my practical experience to help you emerge quickly and powerfully from personal life crises or professional change processes. In doing so, I combine psychological with process-oriented approaches.<\/p>\n<p>My coaching is designed to be both flexible and goal-oriented, and above all fully tailored to your individual needs.<\/p>\n<p><a href=\"https:\/\/www.systemischescoaching-berlin.de\/wp-content\/uploads\/2024\/08\/G.Herz-Kurz-Profil_engl.pdf\" target=\"_blank\" rel=\"noopener\">Coaching-Profile (PDF-Download)<\/a><\/p>\n<p><strong>My cooperation partners<\/strong><br \/>\nIn the areas of &#8220;Consulting and Optimization of Operational Recruiting Processes&#8221; as well as &#8220;Leadership&#8221; I cooperate with experienced partners:<br \/>\n<a href=\"http:\/\/www.kathexis.net\/tarik-tarhan.html\" target=\"_blank\" rel=\"noopener noreferrer\">Tarik Tarhan, kathexis executive advice<\/a><br \/>\n<a href=\"https:\/\/www.enable2grow.com\/en\/enablers\/gabriele-herz\/\" target=\"_blank\" rel=\"noopener\">enable2grow<\/a><a href=\"http:\/\/www.george-consulting.com\/\" target=\"_blank\" rel=\"noopener noreferrer\"><br \/>\n<\/a><a href=\"https:\/\/www.avgs-coaching.de\/gabriele-herz.php\" target=\"_blank\" rel=\"noopener\">AVGS-Coaching<\/a><a href=\"https:\/\/www.lisahinrichsen.com\/profil\/\" target=\"_blank\" rel=\"noopener noreferrer\"><br \/>\n<\/a><\/p>\n<\/div><\/div><\/div><\/div><\/div><div class=\"vc_col-sm-6 wpb_column vc_column_container\"><div class=\"vc_column-inner\"><div class=\"wpb_wrapper\"><div class=\"wpb_text_column\"><div class=\"wpb_wrapper\"><p><strong>Short profile<\/strong><\/p>\n<ul>\n<li><strong>Masters in Economics (Diplom Volkswirtin)<\/strong>, Ruprecht-Karls-University Heidelberg<\/li>\n<li><strong>Certified Systemic Business Coach <\/strong>with the German Association for Coaching and Training e. V. <a href=\"https:\/\/www.dvct.de\">(dvct)<\/a><\/li>\n<li><strong>Certificate for &#8220;Social Psychology, <\/strong>Personality Psychology and Aptitude Diagnostics&#8221; from the University of Applied Sciences Hamburg<\/li>\n<li><strong>DIN 33430 (E) License to conduct the job-related aptitude <\/strong>assessment of the Federal Association of German Psychologists \u00a0<a href=\"http:\/\/www.bdp-verband.org\/bdp\/index.shtml\">(BDP)<\/a><\/li>\n<li><strong>Member of the Expert Council of the Working Committee &#8220;Personnel Management&#8221;<\/strong>, of the German Institute for Standardization <a href=\"https:\/\/www.din.de\/de\" target=\"_blank\" rel=\"noopener noreferrer\">(DIN)<\/a>, which deals with the amendment of ISO 10667, with which an international standard for job-related aptitude and performance assessment was formulated for the first time in 2011<\/li>\n<li><strong>Member of the &#8220;Women in Business&#8221; <\/strong>working committee of the Association of Berlin Merchants and Industrialists (<a href=\"https:\/\/www.vbki.de\" target=\"_blank\" rel=\"noopener noreferrer\">VBKI<\/a>)<\/li>\n<li><strong>Mentor coach <\/strong>of the HR Academy Munich<\/li>\n<li>Volunteer <strong>mentor<\/strong> for Joblinge e.V.<\/li>\n<\/ul>\n<\/div><\/div><\/div><\/div><\/div><\/div><\/div><\/section><section class=\"l-section wpb_row us_custom_112704c6 height_medium\"><div class=\"l-section-overlay\" style=\"background:#f4f4f4\"><\/div><div class=\"l-section-h i-cf\"><div class=\"g-cols vc_row via_flex valign_top type_default stacking_default\"><div class=\"vc_col-sm-12 wpb_column vc_column_container\"><div class=\"vc_column-inner us_custom_f5b691f5\"><div class=\"wpb_wrapper\"><div class=\"w-separator size_large\"><\/div><div class=\"wpb_text_column\"><div class=\"wpb_wrapper\"><h2 style=\"text-align: center;\">Feedback<\/h2>\n<\/div><\/div><div class=\"w-separator size_large\"><\/div><div id=\"ult-carousel-74972619569f4566013aa7\" class=\"ult-carousel-wrapper  p-10 ult_horizontal\" data-gutter=\"15\" data-rtl=\"false\" ><div class=\"ult-carousel-76449870069f4566013a4e \" ><div class=\"ult-item-wrap\" data-animation=\"animated no-animation\"><div class=\"wpb_text_column\"><div class=\"wpb_wrapper\"><p class=\"lead\" style=\"text-align: center;\"><em>\u201eFrau Herz erarbeitete mit mir in erstaunlich wenigen Coaching-Stunden durch ihre unaufgeregte und strukturierte Herangehensweise meine weitere beruflichen Orientierung. Wenn man den Wald vor lauter B\u00e4umen nicht sieht, war es f\u00fcr mich Frau Herz, die mir zu aufschlussreichen Erkenntnissen und Klarheit verhalf. Ich danke ihr sehr daf\u00fcr!\u201c<\/em><\/p>\n<h6 class=\"lead\" style=\"text-align: center;\">Susanne E., Consultant<\/h6>\n<\/div><\/div><\/div><div class=\"ult-item-wrap\" data-animation=\"animated no-animation\"><div class=\"wpb_text_column\"><div class=\"wpb_wrapper\"><p style=\"text-align: center;\"><em>\u201eLiebe Frau Herz, vielen Dank nochmal f\u00fcr Ihre Business-Coaching-Unterst\u00fctzung. Kein allt\u00e4gliches Coaching, wie ich denke, bei nicht ganz einfacher Aufgabenstellung mit einigen AHA-Effekten, die die Puzzle-Teile an die richtigen Stellen brachten.\u201c<\/em><\/p>\n<h6 style=\"text-align: center;\">Zoran S., Director Sales<\/h6>\n<\/div><\/div><\/div><div class=\"ult-item-wrap\" data-animation=\"animated no-animation\"><div class=\"wpb_text_column\"><div class=\"wpb_wrapper\"><p style=\"text-align: center;\"><em>\u201eDurch Frau Herz habe ich gelernt auch mal loszulassen und Verantwortung abzugeben. Das hat mir sehr gut getan. Inzwischen bin ich noch intensiver als jemals beabsichtigt in einer neuen Aufgabe engagiert, die mich nicht nur begeistert, sondern auch gl\u00fccklich macht. Ohne die Begleitung von Frau Herz w\u00e4re ich nicht dort, wo ich jetzt bin.\u201c<\/em><\/p>\n<h6 style=\"text-align: center;\">Dr. J\u00f6rg L., Gr\u00fcnder und ehemaliger Gesch\u00e4ftsf\u00fchrer<\/h6>\n<\/div><\/div><\/div><div class=\"ult-item-wrap\" data-animation=\"animated no-animation\"><div class=\"wpb_text_column\"><div class=\"wpb_wrapper\"><p style=\"text-align: center;\"><em>\u201eFrau Herz hat nicht nur Herz, sondern auch Verstand. Es ist ihre Lebenserfahrung und ihre N\u00e4he zu Menschen, die sie zu einem ganz besonderen Partner im Bereich Human Resources macht.\u201c<\/em><\/p>\n<h6 style=\"text-align: center;\">Jens T., ehemaliger Vorstand<\/h6>\n<\/div><\/div><\/div><div class=\"ult-item-wrap\" data-animation=\"animated no-animation\"><div class=\"wpb_text_column\"><div class=\"wpb_wrapper\"><p style=\"text-align: center;\"><em>\u201eIch kenne Frau Herz seit vielen Jahren. Sie ist eine erfahrene und sehr kompetente Personalexpertin, die ich bestens empfehlen kann.&#8221;<br \/>\n<\/em><\/p>\n<h6 class=\"testimonial_name\" style=\"text-align: center;\">Mahmut H., Investment Director<\/h6>\n<\/div><\/div><\/div><div class=\"ult-item-wrap\" data-animation=\"animated no-animation\"><div class=\"wpb_text_column\"><div class=\"wpb_wrapper\"><p class=\"lead\" style=\"text-align: center;\"><em><span class=\"s1\">&#8220;Frau Herz habe ich als sehr kompetenten und professionellen Coach kennengelernt. Sie stellt die richtigen Fragen und schaffte es sehr schnell ein Vertrauensverh\u00e4ltnis aufzubauen. Ich kann Frau Herz nur w\u00e4rmstens empfehlen.&#8221;<\/span><\/em><\/p>\n<h6 class=\"testimonial_name\" style=\"text-align: center;\"><span class=\"s1\">Stephan M., Business-Unit-Leiter <\/span><\/h6>\n<\/div><\/div><\/div><\/div><\/div>\t\t\t<script type=\"text\/javascript\">\n\t\t\t\tjQuery(document).ready(function ($) {\n\t\t\t\t\tif( typeof jQuery('.ult-carousel-76449870069f4566013a4e').slick == \"function\"){\n\t\t\t\t\t\t$('.ult-carousel-76449870069f4566013a4e').slick({dots: true,autoplay: true,autoplaySpeed: \"6170\",speed: \"300\",infinite: true,arrows: false,slidesToScroll:1,slidesToShow:1,swipe: true,draggable: true,touchMove: true,pauseOnHover: true,pauseOnFocus: false,responsive: [\n\t\t\t\t\t\t\t{\n\t\t\t\t\t\t\t  breakpoint: 1026,\n\t\t\t\t\t\t\t  settings: {\n\t\t\t\t\t\t\t\tslidesToShow: 1,\n\t\t\t\t\t\t\t\tslidesToScroll: 1,  \n\t\t\t\t\t\t\t  }\n\t\t\t\t\t\t\t},\n\t\t\t\t\t\t\t{\n\t\t\t\t\t\t\t  breakpoint: 1025,\n\t\t\t\t\t\t\t  settings: {\n\t\t\t\t\t\t\t\tslidesToShow: 1,\n\t\t\t\t\t\t\t\tslidesToScroll: 1\n\t\t\t\t\t\t\t  }\n\t\t\t\t\t\t\t},\n\t\t\t\t\t\t\t{\n\t\t\t\t\t\t\t  breakpoint: 760,\n\t\t\t\t\t\t\t  settings: {\n\t\t\t\t\t\t\t\tslidesToShow: 1,\n\t\t\t\t\t\t\t\tslidesToScroll: 1\n\t\t\t\t\t\t\t  }\n\t\t\t\t\t\t\t}\n\t\t\t\t\t\t],pauseOnDotsHover: true,customPaging: function(slider, i) {\n                   return '<i type=\"button\" style= \"color:#7c9ea5;\" class=\"ultsl-record\" data-role=\"none\"><\/i>';\n                },});\n\t\t\t\t\t}\n\t\t\t\t});\n\t\t\t<\/script>\n\t\t\t<div class=\"w-separator size_large\"><\/div><\/div><\/div><\/div><\/div><\/div><\/section><section class=\"l-section wpb_row us_custom_815c1c57 height_medium\" id=\"termin\"><div class=\"l-section-overlay\" style=\"background:#7c9ea5\"><\/div><div class=\"l-section-h i-cf\"><div class=\"g-cols vc_row via_flex valign_top type_default stacking_default\"><div class=\"vc_col-sm-12 wpb_column vc_column_container\"><div class=\"vc_column-inner\"><div class=\"wpb_wrapper\"><div class=\"w-separator size_large\"><\/div><div class=\"wpb_text_column\"><div class=\"wpb_wrapper\"><h4 style=\"text-align: center;\"><span style=\"color: #ffffff;\">Please feel free to contact me <\/span><br \/>\n<span style=\"color: #ffffff;\">for a non-binding initial meeting, a quotation, or any further questions.<\/span><\/h4>\n<\/div><\/div><div class=\"w-separator size_large\"><\/div><div class=\"w-btn-wrapper align_center\"><a class=\"w-btn us-btn-style_3 us_custom_80a192e9\" title=\"Contact\" target=\"_blank\" rel=\"nofollow\" href=\"https:\/\/calendly.com\/systemischescoaching-berlin\"><span class=\"w-btn-label\">BOOK AN APPOINTMENT<\/span><\/a><\/div><div class=\"w-separator size_large\"><\/div><\/div><\/div><\/div><\/div><\/div><\/section>\n","protected":false},"excerpt":{"rendered":"Your Coach Based on my many years of experience in executive recruiting, business coaching and Aptitude Diagnostics, I offer companies as well as specialists and executives professional advice on all aspects of human resources and career development. I not only impart theoretical knowledge, but also use my practical experience to help you emerge quickly and...","protected":false},"author":1,"featured_media":0,"parent":0,"menu_order":0,"comment_status":"closed","ping_status":"closed","template":"","meta":{"inline_featured_image":false,"footnotes":""},"class_list":["post-1955","page","type-page","status-publish","hentry"],"yoast_head":"<!-- This site is optimized with the Yoast SEO plugin v26.3 - https:\/\/yoast.com\/wordpress\/plugins\/seo\/ -->\n<title>Ihr zertifizierter Coach - Systemisches Business Coaching &amp; Eignungsdiagnostik, Berlin<\/title>\n<meta name=\"description\" content=\"Als zertifizierter Coach biete ich Unternehmen und F\u00fchrungskr\u00e4ften eine professionelle Beratung rund um das Thema Human Resources und Karriereentwicklung.\" \/>\n<meta name=\"robots\" content=\"index, follow, max-snippet:-1, max-image-preview:large, max-video-preview:-1\" \/>\n<link rel=\"canonical\" href=\"https:\/\/www.systemischescoaching-berlin.de\/en\/your-coach\/\" \/>\n<meta property=\"og:locale\" content=\"en_US\" \/>\n<meta property=\"og:type\" content=\"article\" \/>\n<meta property=\"og:title\" content=\"Ihr zertifizierter Coach - Systemisches Business Coaching &amp; Eignungsdiagnostik, Berlin\" \/>\n<meta property=\"og:description\" content=\"Als zertifizierter Coach biete ich Unternehmen und F\u00fchrungskr\u00e4ften eine professionelle Beratung rund um das Thema Human Resources und Karriereentwicklung.\" \/>\n<meta property=\"og:url\" content=\"https:\/\/www.systemischescoaching-berlin.de\/en\/your-coach\/\" \/>\n<meta property=\"og:site_name\" content=\"Systemisches Business Coaching &amp; Eignungsdiagnostik, Berlin\" \/>\n<meta property=\"article:modified_time\" content=\"2024-08-30T10:45:32+00:00\" \/>\n<meta name=\"twitter:card\" content=\"summary_large_image\" \/>\n<meta name=\"twitter:site\" content=\"@byHerz\" \/>\n<meta name=\"twitter:label1\" content=\"Est. reading time\" \/>\n\t<meta name=\"twitter:data1\" content=\"4 minutes\" \/>\n<script type=\"application\/ld+json\" class=\"yoast-schema-graph\">{\"@context\":\"https:\/\/schema.org\",\"@graph\":[{\"@type\":\"WebPage\",\"@id\":\"https:\/\/www.systemischescoaching-berlin.de\/en\/your-coach\/\",\"url\":\"https:\/\/www.systemischescoaching-berlin.de\/en\/your-coach\/\",\"name\":\"Ihr zertifizierter Coach - Systemisches Business Coaching &amp; Eignungsdiagnostik, Berlin\",\"isPartOf\":{\"@id\":\"https:\/\/www.systemischescoaching-berlin.de\/en\/#website\"},\"datePublished\":\"2017-11-06T13:47:45+00:00\",\"dateModified\":\"2024-08-30T10:45:32+00:00\",\"description\":\"Als zertifizierter Coach biete ich Unternehmen und F\u00fchrungskr\u00e4ften eine professionelle Beratung rund um das Thema Human Resources und Karriereentwicklung.\",\"breadcrumb\":{\"@id\":\"https:\/\/www.systemischescoaching-berlin.de\/en\/your-coach\/#breadcrumb\"},\"inLanguage\":\"en-US\",\"potentialAction\":[{\"@type\":\"ReadAction\",\"target\":[\"https:\/\/www.systemischescoaching-berlin.de\/en\/your-coach\/\"]}]},{\"@type\":\"BreadcrumbList\",\"@id\":\"https:\/\/www.systemischescoaching-berlin.de\/en\/your-coach\/#breadcrumb\",\"itemListElement\":[{\"@type\":\"ListItem\",\"position\":1,\"name\":\"Startseite\",\"item\":\"https:\/\/www.systemischescoaching-berlin.de\/en\/\"},{\"@type\":\"ListItem\",\"position\":2,\"name\":\"Your Coach\"}]},{\"@type\":\"WebSite\",\"@id\":\"https:\/\/www.systemischescoaching-berlin.de\/en\/#website\",\"url\":\"https:\/\/www.systemischescoaching-berlin.de\/en\/\",\"name\":\"Systemisches Business Coaching &amp; Eignungsdiagnostik, Berlin\",\"description\":\"Gabriele Herz - Coach f\u00fcr systemisches Business Coaching und Eignungsdiagnostik, Berlin\",\"publisher\":{\"@id\":\"https:\/\/www.systemischescoaching-berlin.de\/en\/#\/schema\/person\/9cf4f119ad95d2c0293b9cf4280da9ba\"},\"potentialAction\":[{\"@type\":\"SearchAction\",\"target\":{\"@type\":\"EntryPoint\",\"urlTemplate\":\"https:\/\/www.systemischescoaching-berlin.de\/en\/?s={search_term_string}\"},\"query-input\":{\"@type\":\"PropertyValueSpecification\",\"valueRequired\":true,\"valueName\":\"search_term_string\"}}],\"inLanguage\":\"en-US\"},{\"@type\":[\"Person\",\"Organization\"],\"@id\":\"https:\/\/www.systemischescoaching-berlin.de\/en\/#\/schema\/person\/9cf4f119ad95d2c0293b9cf4280da9ba\",\"name\":\"Gabriele Herz\",\"logo\":{\"@id\":\"https:\/\/www.systemischescoaching-berlin.de\/en\/#\/schema\/person\/image\/\"}}]}<\/script>\n<!-- \/ Yoast SEO plugin. -->","yoast_head_json":{"title":"Ihr zertifizierter Coach - Systemisches Business Coaching &amp; Eignungsdiagnostik, Berlin","description":"Als zertifizierter Coach biete ich Unternehmen und F\u00fchrungskr\u00e4ften eine professionelle Beratung rund um das Thema Human Resources und Karriereentwicklung.","robots":{"index":"index","follow":"follow","max-snippet":"max-snippet:-1","max-image-preview":"max-image-preview:large","max-video-preview":"max-video-preview:-1"},"canonical":"https:\/\/www.systemischescoaching-berlin.de\/en\/your-coach\/","og_locale":"en_US","og_type":"article","og_title":"Ihr zertifizierter Coach - Systemisches Business Coaching &amp; Eignungsdiagnostik, Berlin","og_description":"Als zertifizierter Coach biete ich Unternehmen und F\u00fchrungskr\u00e4ften eine professionelle Beratung rund um das Thema Human Resources und Karriereentwicklung.","og_url":"https:\/\/www.systemischescoaching-berlin.de\/en\/your-coach\/","og_site_name":"Systemisches Business Coaching &amp; Eignungsdiagnostik, Berlin","article_modified_time":"2024-08-30T10:45:32+00:00","twitter_card":"summary_large_image","twitter_site":"@byHerz","twitter_misc":{"Est. reading time":"4 minutes"},"schema":{"@context":"https:\/\/schema.org","@graph":[{"@type":"WebPage","@id":"https:\/\/www.systemischescoaching-berlin.de\/en\/your-coach\/","url":"https:\/\/www.systemischescoaching-berlin.de\/en\/your-coach\/","name":"Ihr zertifizierter Coach - Systemisches Business Coaching &amp; Eignungsdiagnostik, Berlin","isPartOf":{"@id":"https:\/\/www.systemischescoaching-berlin.de\/en\/#website"},"datePublished":"2017-11-06T13:47:45+00:00","dateModified":"2024-08-30T10:45:32+00:00","description":"Als zertifizierter Coach biete ich Unternehmen und F\u00fchrungskr\u00e4ften eine professionelle Beratung rund um das Thema Human Resources und Karriereentwicklung.","breadcrumb":{"@id":"https:\/\/www.systemischescoaching-berlin.de\/en\/your-coach\/#breadcrumb"},"inLanguage":"en-US","potentialAction":[{"@type":"ReadAction","target":["https:\/\/www.systemischescoaching-berlin.de\/en\/your-coach\/"]}]},{"@type":"BreadcrumbList","@id":"https:\/\/www.systemischescoaching-berlin.de\/en\/your-coach\/#breadcrumb","itemListElement":[{"@type":"ListItem","position":1,"name":"Startseite","item":"https:\/\/www.systemischescoaching-berlin.de\/en\/"},{"@type":"ListItem","position":2,"name":"Your Coach"}]},{"@type":"WebSite","@id":"https:\/\/www.systemischescoaching-berlin.de\/en\/#website","url":"https:\/\/www.systemischescoaching-berlin.de\/en\/","name":"Systemisches Business Coaching &amp; Eignungsdiagnostik, Berlin","description":"Gabriele Herz - Coach f\u00fcr systemisches Business Coaching und Eignungsdiagnostik, Berlin","publisher":{"@id":"https:\/\/www.systemischescoaching-berlin.de\/en\/#\/schema\/person\/9cf4f119ad95d2c0293b9cf4280da9ba"},"potentialAction":[{"@type":"SearchAction","target":{"@type":"EntryPoint","urlTemplate":"https:\/\/www.systemischescoaching-berlin.de\/en\/?s={search_term_string}"},"query-input":{"@type":"PropertyValueSpecification","valueRequired":true,"valueName":"search_term_string"}}],"inLanguage":"en-US"},{"@type":["Person","Organization"],"@id":"https:\/\/www.systemischescoaching-berlin.de\/en\/#\/schema\/person\/9cf4f119ad95d2c0293b9cf4280da9ba","name":"Gabriele Herz","logo":{"@id":"https:\/\/www.systemischescoaching-berlin.de\/en\/#\/schema\/person\/image\/"}}]}},"_links":{"self":[{"href":"https:\/\/www.systemischescoaching-berlin.de\/en\/wp-json\/wp\/v2\/pages\/1955","targetHints":{"allow":["GET"]}}],"collection":[{"href":"https:\/\/www.systemischescoaching-berlin.de\/en\/wp-json\/wp\/v2\/pages"}],"about":[{"href":"https:\/\/www.systemischescoaching-berlin.de\/en\/wp-json\/wp\/v2\/types\/page"}],"author":[{"embeddable":true,"href":"https:\/\/www.systemischescoaching-berlin.de\/en\/wp-json\/wp\/v2\/users\/1"}],"replies":[{"embeddable":true,"href":"https:\/\/www.systemischescoaching-berlin.de\/en\/wp-json\/wp\/v2\/comments?post=1955"}],"version-history":[{"count":4,"href":"https:\/\/www.systemischescoaching-berlin.de\/en\/wp-json\/wp\/v2\/pages\/1955\/revisions"}],"predecessor-version":[{"id":2238,"href":"https:\/\/www.systemischescoaching-berlin.de\/en\/wp-json\/wp\/v2\/pages\/1955\/revisions\/2238"}],"wp:attachment":[{"href":"https:\/\/www.systemischescoaching-berlin.de\/en\/wp-json\/wp\/v2\/media?parent=1955"}],"curies":[{"name":"wp","href":"https:\/\/api.w.org\/{rel}","templated":true}]}}